{"id":663,"date":"2015-12-16T13:26:15","date_gmt":"2015-12-16T12:26:15","guid":{"rendered":"http:\/\/www.tendm.net\/?page_id=663"},"modified":"2024-05-24T14:36:57","modified_gmt":"2024-05-24T13:36:57","slug":"revue-de-presse","status":"publish","type":"page","link":"https:\/\/www.tendm.net\/index.php\/revue-de-presse\/","title":{"rendered":"Ils parlent de nous !"},"content":{"rendered":"\t\t<div data-elementor-type=\"wp-page\" data-elementor-id=\"663\" class=\"elementor elementor-663\">\n\t\t\t\t<div class=\"elementor-element elementor-element-505dd84b e-flex e-con-boxed e-con e-parent\" data-id=\"505dd84b\" data-element_type=\"container\">\n\t\t\t\t\t<div class=\"e-con-inner\">\n\t\t\t\t<div class=\"elementor-element elementor-element-c0cca99 elementor-widget elementor-widget-text-editor\" data-id=\"c0cca99\" data-element_type=\"widget\" data-widget_type=\"text-editor.default\">\n\t\t\t\t<div class=\"elementor-widget-container\">\n\t\t\t<style>\/*! elementor - v3.21.0 - 22-05-2024 *\/\n.elementor-widget-text-editor.elementor-drop-cap-view-stacked .elementor-drop-cap{background-color:#69727d;color:#fff}.elementor-widget-text-editor.elementor-drop-cap-view-framed .elementor-drop-cap{color:#69727d;border:3px solid;background-color:transparent}.elementor-widget-text-editor:not(.elementor-drop-cap-view-default) .elementor-drop-cap{margin-top:8px}.elementor-widget-text-editor:not(.elementor-drop-cap-view-default) .elementor-drop-cap-letter{width:1em;height:1em}.elementor-widget-text-editor .elementor-drop-cap{float:left;text-align:center;line-height:1;font-size:50px}.elementor-widget-text-editor .elementor-drop-cap-letter{display:inline-block}<\/style>\t\t\t\t&nbsp;\r\n<p style=\"text-align: center;\">Quand les blogueuses et la presse parlent du Festival Mariage &amp; Cr\u00e9ateurs de Tend&rsquo;M ! A d\u00e9couvrir !<\/p>\r\n<p style=\"text-align: center;\">\u00ab\u00a0Futurs mari\u00e9s de Bordeaux et Toulouse, je vous recommande d\u2019aller \u00e0 la prochaine \u00e9dition du festival tend\u2019m. Les professionnels du Mariage que vous y rencontrerez sont de grande qualit\u00e9 et seront \u00e0 votre \u00e9coute.\u00a0\u00bb\r\n<a href=\"https:\/\/laurencepoullaouec-photography.com\/tendm-salon-mariage-bordeaux\/\">&#8211; Laurence Poullaouec\u00a0<\/a><\/p>\r\n<p style=\"text-align: center;\"><b>\u25bc<\/b><\/p>\r\n<p style=\"text-align: center;\">\u00ab\u00a0Au c\u0153ur de l&rsquo;event : la convivialit\u00e9 !\u00a0\u00bb<\/p>\r\n<p style=\"text-align: center;\"><a href=\"http:\/\/www.eterritoire.fr\/evenements\/occitanie\/haute-garonne\/toulouse(31000)\/festival+tend%27m+-+toulouse\/9920\">&#8211; eTerritoire<\/a><\/p>\r\n<p style=\"text-align: center;\"><b>\u25bc<\/b><\/p>\r\n<p style=\"text-align: center;\">\u00ab\u00a0En bref, une belle journ\u00e9e, une belle soir\u00e9e, des rencontres parfaites, des ateliers cr\u00e9atifs tr\u00e8s int\u00e9ressants, une d\u00e9coration que je r\u00eave de voir sur mes prochains mariages, des prestataires au top du top, une orga merveilleuse, et un rendez vous \u00e0 ne pas manquer l\u2019ann\u00e9e prochaine !\u00a0\u00bb<\/p>\r\n<p style=\"text-align: center;\"><a href=\"http:\/\/romy-saverys.com\/tendm-wedding-festival-a-bordeaux-33\/\">&#8211;\u00a0Romy saverys <\/a><\/p>\r\n<p style=\"text-align: center;\"><b>\u25bc<\/b><\/p>\r\n<p style=\"text-align: center;\">\u00ab En fait, c\u2019est une source extraordinaire de cr\u00e9ations\u2026 \u00bb\r\n\u00ab J\u2019ai fait le plein d\u2019id\u00e9es cr\u00e9atives, c\u2019est g\u00e9nial, j\u2019adore cette ambiance. \u00bb\r\n<a href=\"http:\/\/www.autourdecia.fr\/2016\/10\/3-bonnes-raisons-de-decouvrir-tendm.html\">&#8211; Autour de Cia<\/a><\/p>\r\n<p style=\"text-align: center;\"><em><b>\u25bc<\/b><\/em><\/p>\r\n<p style=\"text-align: center;\">\u00ab C\u2019est l\u2019\u00e9v\u00e9nement mariage de la saison, le coup d\u2019envoi des pr\u00e9paratifs\r\npour les futurs mari\u00e9s \u00e0 la recherche de mariages authentiques et originaux.. \u00bb\r\n<a href=\"http:\/\/www.le-blog-enfin-moi.com\/2016\/10\/04\/tendm\/\">&#8211; Enfin moi<\/a><\/p>\r\n<p style=\"text-align: center;\"><em><b>\u25bc<\/b><\/em><\/p>\r\n<p style=\"text-align: center;\">\u00ab Boh\u00eame, nature, industriel\u2026chaque ann\u00e9e le festival Tend\u2019m tourne au tour d\u2019un th\u00e8me g\u00e9n\u00e9ral pour t\u2019aider a te projeter dans les id\u00e9es les plus folles, je vous laisse beaucoup trop de photos, mais comme Cia a dit sur son blog, c\u2019est comme \u00eatre dans un Pinterest g\u00e9ant!!! \u00bb\r\n<a href=\"http:\/\/www.guiomarix.com\/2016\/10\/mariage-festival-mariage-tendm.html?m=1\">&#8211; Guiomarix<\/a><\/p>\r\n<p style=\"text-align: center;\"><em><b>\u25bc<\/b><\/em><\/p>\r\n<p style=\"text-align: center;\">\u00ab Le top des prestataires mariage (de bon go\u00fbt!) se donne rendez-vous au festival Tend\u2019M. Fait-main et artisanat local\r\nsont \u00e0 l\u2019honneur pour cette seconde \u00e9dition du festival du mariage. \u00bb\r\n<a href=\"http:\/\/www.camilleinbordeaux.fr\/2016\/01\/fevrier-10-idees-sorties-bordeaux.html\">&#8211; Camille in Bordeaux<\/a><\/p>\r\n<p style=\"text-align: center;\"><em><b>\u25bc<\/b><\/em><\/p>\r\n<p style=\"text-align: center;\">\u00ab Rendez-vous \u00e0 La Fa\u00efencerie de Bordeaux, pour une immersion totale dans l\u2019univers d\u2019un mariage boh\u00e8me et d\u00e9cal\u00e9.\r\nDes prestataires de qualit\u00e9 et cette ann\u00e9e au programme de chouettes ateliers DIY, beaut\u00e9 et d\u00e9gustation ! \u00bb\r\n<a href=\"http:\/\/www.lesmarieuses.com\/lagenda-salons-du-mariage-alternatifs-2016.html\">&#8211; Les Marieuses<\/a><\/p>\r\n<p style=\"text-align: center;\"><em><b>\u25bc<\/b><\/em><\/p>\r\n<p style=\"text-align: center;\">\u00ab Le lieu, l\u2019ambiance et les cr\u00e9ations, tout \u00e9tait inspirant ! (\u2026) J\u2019ai particuli\u00e8rement \u00e9t\u00e9\r\nconquise par les cr\u00e9ations fleuries et les d\u00e9corations de tables ! \u00bb\r\n&#8211; My Travel With Love<\/p>\r\n<p style=\"text-align: center;\"><em><b>\u25bc<\/b><\/em><\/p>\r\n<p style=\"text-align: center;\">\u00ab Vous vous demandez ce que c\u2019est ? C\u2019est une ambiance \u00e0 part, celle qui vous coupe du monde, vous coupe le souffle, vous fait redevenir une petite fille \u00e9merveill\u00e9e par toutes ces couleurs. C\u2019est boh\u00e8me, c\u2019est fun, c\u2019est beau et c\u2019est bon. \u00ab\r\n&#8211; Eva Lesalon<\/p>\r\n<p style=\"text-align: center;\"><em><b>\u25bc<\/b><\/em><\/p>\r\n<p style=\"text-align: center;\">\u00ab (\u2026) Je suis all\u00e9e au salon du mariage Tend\u2019m \u00e0 Bordeaux, \u00e7a m\u2019a fait r\u00eaver ! (\u2026) Fleurs, dentelle, bougies, bijoux, cr\u00e9ateurs, wedding planners, coiffeurs, maquilleurs, fleuristes, sc\u00e9nographes, photographes\u2026 le tout dans une ambiance chaleureuse, raffin\u00e9e et intimiste. Si un jour vous avez l\u2019occasion de vous y rendre, je vous conseille d\u2019y aller ! \u00bb\r\n&#8211; Maeva Bouyer<\/p>\r\n<p style=\"text-align: center;\"><em><b>\u25bc<\/b><\/em><\/p>\r\n<p style=\"text-align: center;\">\u00ab Futurs mari\u00e9s, l\u2019ann\u00e9e prochaine, ne passez pas \u00e0 c\u00f4t\u00e9 de la prochaine \u00e9dition de Tend\u2019m. Les professionnels du mariage que vous y rencontrerez dissiperont vos inqui\u00e9tudes, et vous offriront une c\u00e9l\u00e9bration \u00e0 la hauteur de votre personnalit\u00e9, et de vos esp\u00e9rances. \u00bb\r\n<a href=\"http:\/\/mademoisellemodeuse.com\/salon-tendm-mariage-bordeaux\/\">&#8211; Mademoiselle Modeuse<\/a><\/p>\r\n<p style=\"text-align: center;\"><em><b>\u25bc<\/b><\/em><\/p>\r\n<p style=\"text-align: center;\">\u00ab Le salon Tend\u2019m qu\u2019est ce que c\u2019est ? C\u2019est un salon du mariage atypique qui ressemble \u00e0 une grande f\u00eate, dans un lieu insolite, avec des prestataires de qualit\u00e9. (\u2026) Vous l\u2019aurez compris j\u2019adh\u00e8re compl\u00e8tement \u00e0 cette premi\u00e8re \u00e9dition. Un salon du mariage diff\u00e9rent, fun, original et d\u00e9cal\u00e9 on l\u2019attendait sur Bordeaux, Tend\u2019m l\u2019a fait ! \u00bb\r\n<a href=\"https:\/\/www.myaphotography.fr\/salon-tendm\/\">&#8211; Mya Photography<\/a><\/p>\r\n<p style=\"text-align: center;\"><em><b>\u25bc<\/b><\/em><\/p>\r\n<p style=\"text-align: center;\">\u00ab Tend\u2019m nous ouvre ses portes \u00e0 la Fa\u00efencerie, lieu d\u2019exception bordelais proche du nouveau pont, dans lequel \u00e9tait organis\u00e9 un salon sp\u00e9cial mariage, sur un ton champ\u00eatre, vintage et boh\u00e8me absolument divin et dans un cadre authentique. M\u00e9morable visite, accueil toujours aussi chaleureux et retour \u00e9merveill\u00e9 les yeux en coeurs et des id\u00e9es pleins la t\u00eate \u00e0 vous communiquer ! \u00bb\r\n<a href=\"http:\/\/www.laurendesamonac.com\/salon-du-mariage-tendm-bordeaux\/\">&#8211; Lauren de Samonac<\/a><\/p>\r\n<p style=\"text-align: center;\"><em><b>\u25bc<\/b><\/em><\/p>\r\n<p style=\"text-align: center;\">\u00ab En tous les cas ce fut un moment au top avec de belles d\u00e9couvertes. (\u2026) Il y a cette id\u00e9e du mariage boh\u00e8me, d\u00e9complex\u00e9 qui ose sortir des sentiers battus pour aller vers quelque chose de plus simple, moins guind\u00e9 mais tout aussi romantique. \u00bb\r\n<a href=\"http:\/\/odemisso.com\/creations\/salons\/mariage-boheme\/\">&#8211; Les O de Miss O<\/a><\/p>\r\n<p style=\"text-align: center;\"><em><b>\u25bc<\/b><\/em><\/p>\r\n<p style=\"text-align: center;\">\u00ab Un journ\u00e9e incroyable avec des prestataires cr\u00e9atifs, pleine de couleurs, ambiances diff\u00e9rentes et d\u00e9couvertes autour du mariage. Une occasion inratable pour les futurs mari\u00e9s de d\u00e9couvrir des professionnels et cr\u00e9ateurs dans un lieu atypique et surprenant comme La Fa\u00efencerie \u00e0 deux pas de centre ville de Bordeaux \u00bb\r\n<a href=\"http:\/\/www.guiomarix.com\/2015\/02\/tendm-salon-mariage-differente-bordeaux.html\">&#8211; Guiomarix<\/a><\/p>\r\n<p style=\"text-align: center;\"><em><b>\u25bc<\/b><\/em><\/p>\r\n<p style=\"text-align: center;\">\u00ab Tend\u2019M est un concept totalement innovent sur le th\u00e8me du Mariage. Cet \u00e9v\u00e8nement, se veut original, haut en couleur et surtout boh\u00e8me, et bien sachez le, nous n\u2019avons absolument pas \u00e9t\u00e9 d\u00e9\u00e7us ! \u00bb\r\n<a href=\"http:\/\/www.ledressing-a-paillettes.com\/2015\/02\/comme-un-air-de-bohemea-tendm.html\">&#8211; Le Dressing \u00e0 Paillettes<\/a><\/p>\t\t\t\t\t\t<\/div>\n\t\t\t\t<\/div>\n\t\t\t\t\t<\/div>\n\t\t\t\t<\/div>\n\t\t\t\t<\/div>\n\t\t","protected":false},"excerpt":{"rendered":"<p>&nbsp; Quand les blogueuses et la presse parlent du Festival Mariage &amp; Cr\u00e9ateurs de Tend&rsquo;M ! A d\u00e9couvrir ! \u00ab\u00a0Futurs mari\u00e9s de Bordeaux et Toulouse, je vous recommande d\u2019aller \u00e0 la prochaine \u00e9dition du festival tend\u2019m. Les professionnels du Mariage que vous y rencontrerez sont de grande qualit\u00e9 et seront \u00e0 votre \u00e9coute.\u00a0\u00bb &#8211; Laurence [&hellip;]<\/p>\n","protected":false},"author":1,"featured_media":5874,"parent":0,"menu_order":0,"comment_status":"closed","ping_status":"closed","template":"","meta":{"footnotes":""},"jetpack_sharing_enabled":true,"jetpack_shortlink":"https:\/\/wp.me\/P70bXT-aH","jetpack-related-posts":[],"_links":{"self":[{"href":"https:\/\/www.tendm.net\/index.php\/wp-json\/wp\/v2\/pages\/663"}],"collection":[{"href":"https:\/\/www.tendm.net\/index.php\/wp-json\/wp\/v2\/pages"}],"about":[{"href":"https:\/\/www.tendm.net\/index.php\/wp-json\/wp\/v2\/types\/page"}],"author":[{"embeddable":true,"href":"https:\/\/www.tendm.net\/index.php\/wp-json\/wp\/v2\/users\/1"}],"replies":[{"embeddable":true,"href":"https:\/\/www.tendm.net\/index.php\/wp-json\/wp\/v2\/comments?post=663"}],"version-history":[{"count":23,"href":"https:\/\/www.tendm.net\/index.php\/wp-json\/wp\/v2\/pages\/663\/revisions"}],"predecessor-version":[{"id":9813,"href":"https:\/\/www.tendm.net\/index.php\/wp-json\/wp\/v2\/pages\/663\/revisions\/9813"}],"wp:featuredmedia":[{"embeddable":true,"href":"https:\/\/www.tendm.net\/index.php\/wp-json\/wp\/v2\/media\/5874"}],"wp:attachment":[{"href":"https:\/\/www.tendm.net\/index.php\/wp-json\/wp\/v2\/media?parent=663"}],"curies":[{"name":"wp","href":"https:\/\/api.w.org\/{rel}","templated":true}]}}